{"id":2,"date":"2019-08-28T12:28:10","date_gmt":"2019-08-28T12:28:10","guid":{"rendered":"https:\/\/solmagnus.be\/chambres\/?page_id=2"},"modified":"2025-10-27T12:12:30","modified_gmt":"2025-10-27T12:12:30","slug":"sample-page","status":"publish","type":"page","link":"https:\/\/solmagnus.be\/chambres\/index.php\/sample-page\/","title":{"rendered":"La R\u00e9gion"},"content":{"rendered":"\t\t<div data-elementor-type=\"wp-post\" data-elementor-id=\"2\" class=\"elementor elementor-2\">\n\t\t\t\t\t\t<section class=\"elementor-section elementor-top-section elementor-element elementor-element-125d908 elementor-section-boxed elementor-section-height-default elementor-section-height-default\" data-id=\"125d908\" data-element_type=\"section\">\n\t\t\t\t\t\t<div class=\"elementor-container elementor-column-gap-default\">\n\t\t\t\t\t<div class=\"elementor-column elementor-col-100 elementor-top-column elementor-element elementor-element-5dcbd93\" data-id=\"5dcbd93\" data-element_type=\"column\">\n\t\t\t<div class=\"elementor-widget-wrap elementor-element-populated\">\n\t\t\t\t\t\t<div class=\"elementor-element elementor-element-85d1ec0 elementor-widget elementor-widget-text-editor\" data-id=\"85d1ec0\" data-element_type=\"widget\" data-widget_type=\"text-editor.default\">\n\t\t\t\t<div class=\"elementor-widget-container\">\n\t\t\t\t\t\t\t<h6 style=\"text-align: center;\">Les incroyables mus\u00e9es !<\/h6>\t\t\t\t\t\t<\/div>\n\t\t\t\t<\/div>\n\t\t\t\t\t<\/div>\n\t\t<\/div>\n\t\t\t\t\t<\/div>\n\t\t<\/section>\n\t\t\t\t<section class=\"elementor-section elementor-top-section elementor-element elementor-element-f6c1d1f elementor-section-boxed elementor-section-height-default elementor-section-height-default\" data-id=\"f6c1d1f\" data-element_type=\"section\" data-settings=\"{&quot;shape_divider_top&quot;:&quot;drops&quot;}\">\n\t\t\t\t\t<div class=\"elementor-shape elementor-shape-top\" data-negative=\"false\">\n\t\t\t<svg xmlns=\"http:\/\/www.w3.org\/2000\/svg\" height=\"100%\" viewBox=\"0 0 283.5 27.8\" preserveAspectRatio=\"xMidYMax slice\">\n\t<path class=\"elementor-shape-fill\" d=\"M0 0v1.4c.6.7 1.1 1.4 1.4 2 2 3.8 2.2 6.6 1.8 10.8-.3 3.3-2.4 9.4 0 12.3 1.7 2 3.7 1.4 4.6-.9 1.4-3.8-.7-8.2-.6-12 .1-3.7 3.2-5.5 6.9-4.9 4 .6 4.8 4 4.9 7.4.1 1.8-1.1 7 0 8.5.6.8 1.6 1.2 2.4.5 1.4-1.1.1-5.4.1-6.9.1-3.7.3-8.6 4.1-10.5 5-2.5 6.2 1.6 5.4 5.6-.4 1.7-1 9.2 2.9 6.3 1.5-1.1.7-3.5.5-4.9-.4-2.4-.4-4.3 1-6.5.9-1.4 2.4-3.1 4.2-3 2.4.1 2.7 2.2 4 3.7 1.5 1.8 1.8 2.2 3 .1 1.1-1.9 1.2-2.8 3.6-3.3 1.3-.3 4.8-1.4 5.9-.5 1.5 1.1.6 2.8.4 4.3-.2 1.1-.6 4 1.8 3.4 1.7-.4-.3-4.1.6-5.6 1.3-2.2 5.8-1.4 7 .5 1.3 2.1.5 5.8.1 8.1s-1.2 5-.6 7.4c1.3 5.1 4.4.9 4.3-2.4-.1-4.4-2-8.8-.5-13 .9-2.4 4.6-6.6 7.7-4.5 2.7 1.8.5 7.8.2 10.3-.2 1.7-.8 4.6.2 6.2.9 1.4 2 1.5 2.6-.3.5-1.5-.9-4.5-1-6.1-.2-1.7-.4-3.7.2-5.4 1.8-5.6 3.5 2.4 6.3.6 1.4-.9 4.3-9.4 6.1-3.1.6 2.2-1.3 7.8.7 8.9 4.2 2.3 1.5-7.1 2.2-8 3.1-4 4.7 3.8 6.1 4.1 3.1.7 2.8-7.9 8.1-4.5 1.7 1.1 2.9 3.3 3.2 5.2.4 2.2-1 4.5-.6 6.6 1 4.3 4.4 1.5 4.4-1.7 0-2.7-3-8.3 1.4-9.1 4.4-.9 7.3 3.5 7.8 6.9.3 2-1.5 10.9 1.3 11.3 4.1.6-3.2-15.7 4.8-15.8 4.7-.1 2.8 4.1 3.9 6.6 1 2.4 2.1 1 2.3-.8.3-1.9-.9-3.2 1.3-4.3 5.9-2.9 5.9 5.4 5.5 8.5-.3 2-1.7 8.4 2 8.1 6.9-.5-2.8-16.9 4.8-18.7 4.7-1.2 6.1 3.6 6.3 7.1.1 1.7-1.2 8.1.6 9.1 3.5 2 1.9-7 2-8.4.2-4 1.2-9.6 6.4-9.8 4.7-.2 3.2 4.6 2.7 7.5-.4 2.2 1.3 8.6 3.8 4.4 1.1-1.9-.3-4.1-.3-6 0-1.7.4-3.2 1.3-4.6 1-1.6 2.9-3.5 5.1-2.9 2.5.6 2.3 4.1 4.1 4.9 1.9.8 1.6-.9 2.3-2.1 1.2-2.1 2.1-2.1 4.4-2.4 1.4-.2 3.6-1.5 4.9-.5 2.3 1.7-.7 4.4.1 6.5.6 1.5 2.1 1.7 2.8.3.7-1.4-1.1-3.4-.3-4.8 1.4-2.5 6.2-1.2 7.2 1 2.3 4.8-3.3 12-.2 16.3 3 4.1 3.9-2.8 3.8-4.8-.4-4.3-2.1-8.9 0-13.1 1.3-2.5 5.9-5.7 7.9-2.4 2 3.2-1.3 9.8-.8 13.4.5 4.4 3.5 3.3 2.7-.8-.4-1.9-2.4-10 .6-11.1 3.7-1.4 2.8 7.2 6.5.4 2.2-4.1 4.9-3.1 5.2 1.2.1 1.5-.6 3.1-.4 4.6.2 1.9 1.8 3.7 3.3 1.3 1-1.6-2.6-10.4 2.9-7.3 2.6 1.5 1.6 6.5 4.8 2.7 1.3-1.5 1.7-3.6 4-3.7 2.2-.1 4 2.3 4.8 4.1 1.3 2.9-1.5 8.4.9 10.3 4.2 3.3 3-5.5 2.7-6.9-.6-3.9 1-7.2 5.5-5 4.1 2.1 4.3 7.7 4.1 11.6 0 .8-.6 9.5 2.5 5.2 1.2-1.7-.1-7.7.1-9.6.3-2.9 1.2-5.5 4.3-6.2 4.5-1 7.7 1.5 7.4 5.8-.2 3.5-1.8 7.7-.5 11.1 1 2.7 3.6 2.8 5 .2 1.6-3.1 0-8.3-.4-11.6-.4-4.2-.2-7 1.8-10.8 0 0-.1.1-.1.2-.2.4-.3.7-.4.8v.1c-.1.2-.1.2 0 0v-.1l.4-.8c0-.1.1-.1.1-.2.2-.4.5-.8.8-1.2V0H0zM282.7 3.4z\"\/>\n<\/svg>\t\t<\/div>\n\t\t\t\t\t<div class=\"elementor-container elementor-column-gap-default\">\n\t\t\t\t\t<div class=\"elementor-column elementor-col-100 elementor-top-column elementor-element elementor-element-3cc8e82\" data-id=\"3cc8e82\" data-element_type=\"column\">\n\t\t\t<div class=\"elementor-widget-wrap elementor-element-populated\">\n\t\t\t\t\t\t<div class=\"elementor-element elementor-element-e28e35c elementor-widget elementor-widget-text-editor\" data-id=\"e28e35c\" data-element_type=\"widget\" data-widget_type=\"text-editor.default\">\n\t\t\t\t<div class=\"elementor-widget-container\">\n\t\t\t\t\t\t\t<p style=\"text-align: center;\">Les activit\u00e9s de notre bonne ville ne manquent pas.<br \/>Tout d\u2019abord, au c\u0153ur de <a href=\"http:\/\/tourisme.stavelot.be\/agenda.html\" rel=\"noopener\">Stavelot<\/a>, l&rsquo;abbaye de l&rsquo;ancienne principaut\u00e9 \u00ab\u00a0Stavelot &#8211; Malm\u00e9dy\u00a0\u00bb r\u00e9unit trois mus\u00e9es historiques.<br \/>Ceux-ci d\u00e9crivent, soit l&rsquo;abbaye elle-m\u00eame, soit le passage de Guillaume Apollinaire ou encore le racing de Spa-Francorchamps.<\/p>\t\t\t\t\t\t<\/div>\n\t\t\t\t<\/div>\n\t\t\t\t<div class=\"elementor-element elementor-element-c1fa8ec elementor-widget elementor-widget-text-editor\" data-id=\"c1fa8ec\" data-element_type=\"widget\" data-widget_type=\"text-editor.default\">\n\t\t\t\t<div class=\"elementor-widget-container\">\n\t\t\t\t\t\t\t<p style=\"text-align: center;\"><a href=\"https:\/\/www.abbayedestavelot.be\/\"><img decoding=\"async\" src=\"https:\/\/solmagnus.be\/chambres\/wp-content\/uploads\/2019\/10\/abbayedestavelot-300x69.jpg\" alt=\"\" class=\"alignnone size-medium wp-image-175\" width=\"300\" height=\"69\" srcset=\"https:\/\/solmagnus.be\/chambres\/wp-content\/uploads\/2019\/10\/abbayedestavelot-300x69.jpg 300w, https:\/\/solmagnus.be\/chambres\/wp-content\/uploads\/2019\/10\/abbayedestavelot.jpg 550w\" sizes=\"(max-width: 300px) 100vw, 300px\" \/><\/a><\/p>\t\t\t\t\t\t<\/div>\n\t\t\t\t<\/div>\n\t\t\t\t\t<\/div>\n\t\t<\/div>\n\t\t\t\t\t<\/div>\n\t\t<\/section>\n\t\t\t\t<section class=\"elementor-section elementor-top-section elementor-element elementor-element-10bf517 elementor-section-boxed elementor-section-height-default elementor-section-height-default\" data-id=\"10bf517\" data-element_type=\"section\">\n\t\t\t\t\t\t<div class=\"elementor-container elementor-column-gap-default\">\n\t\t\t\t\t<div class=\"elementor-column elementor-col-100 elementor-top-column elementor-element elementor-element-b9abb51\" data-id=\"b9abb51\" data-element_type=\"column\">\n\t\t\t<div class=\"elementor-widget-wrap elementor-element-populated\">\n\t\t\t\t\t\t<section class=\"elementor-section elementor-inner-section elementor-element elementor-element-6ab672a elementor-section-boxed elementor-section-height-default elementor-section-height-default\" data-id=\"6ab672a\" data-element_type=\"section\">\n\t\t\t\t\t\t<div class=\"elementor-container elementor-column-gap-default\">\n\t\t\t\t\t<div class=\"elementor-column elementor-col-50 elementor-inner-column elementor-element elementor-element-418432e\" data-id=\"418432e\" data-element_type=\"column\">\n\t\t\t<div class=\"elementor-widget-wrap elementor-element-populated\">\n\t\t\t\t\t\t<div class=\"elementor-element elementor-element-cf66f2a elementor-widget elementor-widget-text-editor\" data-id=\"cf66f2a\" data-element_type=\"widget\" data-widget_type=\"text-editor.default\">\n\t\t\t\t<div class=\"elementor-widget-container\">\n\t\t\t\t\t\t\t<h6 style=\"text-align: center;\">Mus\u00e9e de la Foret !<\/h6><p><a href=\"http:\/\/www.berinzenne.be\/musee\/\"><img decoding=\"async\" src=\"https:\/\/solmagnus.be\/chambres\/wp-content\/uploads\/2020\/07\/Muse\u0301e-Be\u0301rinzenne.jpg\" alt=\"\" class=\"size-full wp-image-281 aligncenter\" width=\"235\" height=\"113\" \/><\/a><\/p>\t\t\t\t\t\t<\/div>\n\t\t\t\t<\/div>\n\t\t\t\t\t<\/div>\n\t\t<\/div>\n\t\t\t\t<div class=\"elementor-column elementor-col-50 elementor-inner-column elementor-element elementor-element-8116cd7\" data-id=\"8116cd7\" data-element_type=\"column\">\n\t\t\t<div class=\"elementor-widget-wrap elementor-element-populated\">\n\t\t\t\t\t\t<div class=\"elementor-element elementor-element-e7b4bad elementor-widget elementor-widget-text-editor\" data-id=\"e7b4bad\" data-element_type=\"widget\" data-widget_type=\"text-editor.default\">\n\t\t\t\t<div class=\"elementor-widget-container\">\n\t\t\t\t\t\t\t<h6 style=\"text-align: center;\">Mus\u00e9e de Vie rural !<\/h6><p><a href=\"https:\/\/www.troisponts.be\/bouger-decouvrir\/culture\/musee-de-wanne-1\"><img decoding=\"async\" src=\"https:\/\/solmagnus.be\/chambres\/wp-content\/uploads\/2019\/10\/Musee-wanne-300x157.jpg\" alt=\"\" class=\"alignnone size-medium wp-image-178\" width=\"300\" height=\"157\" srcset=\"https:\/\/solmagnus.be\/chambres\/wp-content\/uploads\/2019\/10\/Musee-wanne-300x157.jpg 300w, https:\/\/solmagnus.be\/chambres\/wp-content\/uploads\/2019\/10\/Musee-wanne.jpg 459w\" sizes=\"(max-width: 300px) 100vw, 300px\" \/><\/a><\/p>\t\t\t\t\t\t<\/div>\n\t\t\t\t<\/div>\n\t\t\t\t\t<\/div>\n\t\t<\/div>\n\t\t\t\t\t<\/div>\n\t\t<\/section>\n\t\t\t\t\t<\/div>\n\t\t<\/div>\n\t\t\t\t\t<\/div>\n\t\t<\/section>\n\t\t\t\t<section class=\"elementor-section elementor-top-section elementor-element elementor-element-041d847 elementor-section-boxed elementor-section-height-default elementor-section-height-default\" data-id=\"041d847\" data-element_type=\"section\">\n\t\t\t\t\t\t<div class=\"elementor-container elementor-column-gap-default\">\n\t\t\t\t\t<div class=\"elementor-column elementor-col-50 elementor-top-column elementor-element elementor-element-54190c9\" data-id=\"54190c9\" data-element_type=\"column\">\n\t\t\t<div class=\"elementor-widget-wrap elementor-element-populated\">\n\t\t\t\t\t\t<div class=\"elementor-element elementor-element-9054c88 elementor-widget elementor-widget-text-editor\" data-id=\"9054c88\" data-element_type=\"widget\" data-widget_type=\"text-editor.default\">\n\t\t\t\t<div class=\"elementor-widget-container\">\n\t\t\t\t\t\t\t<h6 style=\"text-align: center;\"><a href=\"https:\/\/glainetsalm-hauteardenne.be\/musee\/\"><\/a>Mus\u00e9e du Coticule<\/h6>\n<p style=\"text-align: center;\"><a href=\"https:\/\/glainetsalm-hauteardenne.be\/musee\/\"><img loading=\"lazy\" decoding=\"async\" src=\"https:\/\/solmagnus.be\/chambres\/wp-content\/uploads\/2019\/10\/Musee-coticule-300x159.jpg\" alt=\"\" class=\"alignnone size-medium wp-image-177\" width=\"300\" height=\"159\" srcset=\"https:\/\/solmagnus.be\/chambres\/wp-content\/uploads\/2019\/10\/Musee-coticule-300x159.jpg 300w, https:\/\/solmagnus.be\/chambres\/wp-content\/uploads\/2019\/10\/Musee-coticule-768x407.jpg 768w, https:\/\/solmagnus.be\/chambres\/wp-content\/uploads\/2019\/10\/Musee-coticule.jpg 972w\" sizes=\"(max-width: 300px) 100vw, 300px\" \/><\/a><\/p>\t\t\t\t\t\t<\/div>\n\t\t\t\t<\/div>\n\t\t\t\t\t<\/div>\n\t\t<\/div>\n\t\t\t\t<div class=\"elementor-column elementor-col-50 elementor-top-column elementor-element elementor-element-eb983a6\" data-id=\"eb983a6\" data-element_type=\"column\">\n\t\t\t<div class=\"elementor-widget-wrap elementor-element-populated\">\n\t\t\t\t\t\t<div class=\"elementor-element elementor-element-09b0747 elementor-widget elementor-widget-text-editor\" data-id=\"09b0747\" data-element_type=\"widget\" data-widget_type=\"text-editor.default\">\n\t\t\t\t<div class=\"elementor-widget-container\">\n\t\t\t\t\t\t\t<h6 style=\"text-align: center;\">Mus\u00e9e de la lessive<\/h6><p style=\"text-align: center;\"><a href=\"https:\/\/museedelalessivespa.be\/\" data-wplink-edit=\"true\"><img loading=\"lazy\" decoding=\"async\" src=\"https:\/\/solmagnus.be\/chambres\/wp-content\/uploads\/2019\/10\/musee-lessive-300x114.jpg\" alt=\"\" class=\"alignnone size-medium wp-image-179\" width=\"300\" height=\"114\" srcset=\"https:\/\/solmagnus.be\/chambres\/wp-content\/uploads\/2019\/10\/musee-lessive-300x114.jpg 300w, https:\/\/solmagnus.be\/chambres\/wp-content\/uploads\/2019\/10\/musee-lessive.jpg 705w\" sizes=\"(max-width: 300px) 100vw, 300px\" \/><\/a><\/p>\t\t\t\t\t\t<\/div>\n\t\t\t\t<\/div>\n\t\t\t\t\t<\/div>\n\t\t<\/div>\n\t\t\t\t\t<\/div>\n\t\t<\/section>\n\t\t\t\t<section class=\"elementor-section elementor-top-section elementor-element elementor-element-4c44cb6 elementor-section-boxed elementor-section-height-default elementor-section-height-default\" data-id=\"4c44cb6\" data-element_type=\"section\">\n\t\t\t\t\t\t<div class=\"elementor-container elementor-column-gap-default\">\n\t\t\t\t\t<div class=\"elementor-column elementor-col-100 elementor-top-column elementor-element elementor-element-dfc17c3\" data-id=\"dfc17c3\" data-element_type=\"column\">\n\t\t\t<div class=\"elementor-widget-wrap elementor-element-populated\">\n\t\t\t\t\t\t<div class=\"elementor-element elementor-element-dedd488 elementor-widget elementor-widget-text-editor\" data-id=\"dedd488\" data-element_type=\"widget\" data-widget_type=\"text-editor.default\">\n\t\t\t\t<div class=\"elementor-widget-container\">\n\t\t\t\t\t\t\t<h6 style=\"text-align: center;\"><span style=\"color: #000000;\">Les brasseries artisanales !<\/span><\/h6>\t\t\t\t\t\t<\/div>\n\t\t\t\t<\/div>\n\t\t\t\t\t<\/div>\n\t\t<\/div>\n\t\t\t\t\t<\/div>\n\t\t<\/section>\n\t\t\t\t<section class=\"elementor-section elementor-top-section elementor-element elementor-element-fdbb929 elementor-section-boxed elementor-section-height-default elementor-section-height-default\" data-id=\"fdbb929\" data-element_type=\"section\">\n\t\t\t\t\t\t<div class=\"elementor-container elementor-column-gap-default\">\n\t\t\t\t\t<div class=\"elementor-column elementor-col-100 elementor-top-column elementor-element elementor-element-d0b589d\" data-id=\"d0b589d\" data-element_type=\"column\">\n\t\t\t<div class=\"elementor-widget-wrap elementor-element-populated\">\n\t\t\t\t\t\t<section class=\"elementor-section elementor-inner-section elementor-element elementor-element-b209483 elementor-section-boxed elementor-section-height-default elementor-section-height-default\" data-id=\"b209483\" data-element_type=\"section\">\n\t\t\t\t\t\t<div class=\"elementor-container elementor-column-gap-default\">\n\t\t\t\t\t<div class=\"elementor-column elementor-col-50 elementor-inner-column elementor-element elementor-element-83ca89c\" data-id=\"83ca89c\" data-element_type=\"column\">\n\t\t\t<div class=\"elementor-widget-wrap elementor-element-populated\">\n\t\t\t\t\t\t<div class=\"elementor-element elementor-element-e9e2251 elementor-widget elementor-widget-text-editor\" data-id=\"e9e2251\" data-element_type=\"widget\" data-widget_type=\"text-editor.default\">\n\t\t\t\t<div class=\"elementor-widget-container\">\n\t\t\t\t\t\t\t<h6 style=\"text-align: center;\">Bellevaux<\/h6><p><a href=\"https:\/\/www.brasseriedebellevaux.be\/fr\/\"><img loading=\"lazy\" decoding=\"async\" src=\"https:\/\/solmagnus.be\/chambres\/wp-content\/uploads\/2020\/07\/Brasserie_Bellevaux-300x179.jpg\" alt=\"\" class=\"aligncenter wp-image-273 \" width=\"220\" height=\"131\" srcset=\"https:\/\/solmagnus.be\/chambres\/wp-content\/uploads\/2020\/07\/Brasserie_Bellevaux-300x179.jpg 300w, https:\/\/solmagnus.be\/chambres\/wp-content\/uploads\/2020\/07\/Brasserie_Bellevaux.jpg 351w\" sizes=\"(max-width: 220px) 100vw, 220px\" \/><\/a><\/p>\t\t\t\t\t\t<\/div>\n\t\t\t\t<\/div>\n\t\t\t\t\t<\/div>\n\t\t<\/div>\n\t\t\t\t<div class=\"elementor-column elementor-col-50 elementor-inner-column elementor-element elementor-element-6c6e7c8\" data-id=\"6c6e7c8\" data-element_type=\"column\">\n\t\t\t<div class=\"elementor-widget-wrap elementor-element-populated\">\n\t\t\t\t\t\t<div class=\"elementor-element elementor-element-5f4585b elementor-widget elementor-widget-text-editor\" data-id=\"5f4585b\" data-element_type=\"widget\" data-widget_type=\"text-editor.default\">\n\t\t\t\t<div class=\"elementor-widget-container\">\n\t\t\t\t\t\t\t<h6 style=\"text-align: center;\">Lupulus<\/h6><h6 style=\"text-align: center;\"><a href=\"https:\/\/www.lupulus.be\/\"><img loading=\"lazy\" decoding=\"async\" src=\"https:\/\/solmagnus.be\/chambres\/wp-content\/uploads\/2020\/07\/Brasserie_Lupulus1-300x148.jpg\" alt=\"\" class=\"alignnone wp-image-274 size-medium\" width=\"300\" height=\"148\" srcset=\"https:\/\/solmagnus.be\/chambres\/wp-content\/uploads\/2020\/07\/Brasserie_Lupulus1-300x148.jpg 300w, https:\/\/solmagnus.be\/chambres\/wp-content\/uploads\/2020\/07\/Brasserie_Lupulus1.jpg 479w\" sizes=\"(max-width: 300px) 100vw, 300px\" \/><\/a><\/h6>\t\t\t\t\t\t<\/div>\n\t\t\t\t<\/div>\n\t\t\t\t\t<\/div>\n\t\t<\/div>\n\t\t\t\t\t<\/div>\n\t\t<\/section>\n\t\t\t\t\t<\/div>\n\t\t<\/div>\n\t\t\t\t\t<\/div>\n\t\t<\/section>\n\t\t\t\t<section class=\"elementor-section elementor-top-section elementor-element elementor-element-6d63a3b elementor-section-boxed elementor-section-height-default elementor-section-height-default\" data-id=\"6d63a3b\" data-element_type=\"section\">\n\t\t\t\t\t\t<div class=\"elementor-container elementor-column-gap-default\">\n\t\t\t\t\t<div class=\"elementor-column elementor-col-100 elementor-top-column elementor-element elementor-element-4c06864\" data-id=\"4c06864\" data-element_type=\"column\">\n\t\t\t<div class=\"elementor-widget-wrap elementor-element-populated\">\n\t\t\t\t\t\t<div class=\"elementor-element elementor-element-072fd74 elementor-widget elementor-widget-text-editor\" data-id=\"072fd74\" data-element_type=\"widget\" data-widget_type=\"text-editor.default\">\n\t\t\t\t<div class=\"elementor-widget-container\">\n\t\t\t\t\t\t\t<h6 style=\"text-align: center;\">Les activit\u00e9s saisonni\u00e8res !<\/h6>\t\t\t\t\t\t<\/div>\n\t\t\t\t<\/div>\n\t\t\t\t\t<\/div>\n\t\t<\/div>\n\t\t\t\t\t<\/div>\n\t\t<\/section>\n\t\t\t\t<section class=\"elementor-section elementor-top-section elementor-element elementor-element-ca7603d elementor-section-boxed elementor-section-height-default elementor-section-height-default\" data-id=\"ca7603d\" data-element_type=\"section\">\n\t\t\t\t\t\t<div class=\"elementor-container elementor-column-gap-default\">\n\t\t\t\t\t<div class=\"elementor-column elementor-col-50 elementor-top-column elementor-element elementor-element-c1dc3a8\" data-id=\"c1dc3a8\" data-element_type=\"column\">\n\t\t\t<div class=\"elementor-widget-wrap elementor-element-populated\">\n\t\t\t\t\t\t<div class=\"elementor-element elementor-element-c557f2b elementor-widget elementor-widget-text-editor\" data-id=\"c557f2b\" data-element_type=\"widget\" data-widget_type=\"text-editor.default\">\n\t\t\t\t<div class=\"elementor-widget-container\">\n\t\t\t\t\t\t\t<h6>Le <a href=\"http:\/\/www.laetare-stavelot.be\" rel=\"noopener\">Laetare<\/a>, fort de ses <a href=\"http:\/\/www.blanc-moussi.com\" rel=\"noopener\">Blanc-Moussi<\/a>,<\/h6><p><a href=\"https:\/\/www.laetare-stavelot.be\/\"><img loading=\"lazy\" decoding=\"async\" src=\"https:\/\/solmagnus.be\/chambres\/wp-content\/uploads\/2019\/10\/Laetare2020-e1572269304414-300x262.jpg\" alt=\"\" class=\"alignnone size-medium wp-image-189\" width=\"300\" height=\"262\" srcset=\"https:\/\/solmagnus.be\/chambres\/wp-content\/uploads\/2019\/10\/Laetare2020-e1572269304414-300x262.jpg 300w, https:\/\/solmagnus.be\/chambres\/wp-content\/uploads\/2019\/10\/Laetare2020-e1572269304414.jpg 717w\" sizes=\"(max-width: 300px) 100vw, 300px\" \/><\/a><\/p>\t\t\t\t\t\t<\/div>\n\t\t\t\t<\/div>\n\t\t\t\t\t<\/div>\n\t\t<\/div>\n\t\t\t\t<div class=\"elementor-column elementor-col-50 elementor-top-column elementor-element elementor-element-d29a4ca\" data-id=\"d29a4ca\" data-element_type=\"column\">\n\t\t\t<div class=\"elementor-widget-wrap elementor-element-populated\">\n\t\t\t\t\t\t<div class=\"elementor-element elementor-element-bc0aca5 elementor-widget elementor-widget-text-editor\" data-id=\"bc0aca5\" data-element_type=\"widget\" data-widget_type=\"text-editor.default\">\n\t\t\t\t<div class=\"elementor-widget-container\">\n\t\t\t\t\t\t\t<h6 style=\"text-align: center;\">le VTS (Vacances Th\u00e9\u00e2tre Stavelot),<a href=\"https:\/\/festival-vts.net\/\"><img loading=\"lazy\" decoding=\"async\" src=\"https:\/\/solmagnus.be\/chambres\/wp-content\/uploads\/2019\/10\/VTS-300x174.jpg\" alt=\"\" class=\"alignnone size-medium wp-image-190 aligncenter\" width=\"300\" height=\"174\" srcset=\"https:\/\/solmagnus.be\/chambres\/wp-content\/uploads\/2019\/10\/VTS-300x174.jpg 300w, https:\/\/solmagnus.be\/chambres\/wp-content\/uploads\/2019\/10\/VTS.jpg 374w\" sizes=\"(max-width: 300px) 100vw, 300px\" \/><\/a><\/h6>\t\t\t\t\t\t<\/div>\n\t\t\t\t<\/div>\n\t\t\t\t\t<\/div>\n\t\t<\/div>\n\t\t\t\t\t<\/div>\n\t\t<\/section>\n\t\t\t\t<section class=\"elementor-section elementor-top-section elementor-element elementor-element-c33cb81 elementor-section-boxed elementor-section-height-default elementor-section-height-default\" data-id=\"c33cb81\" data-element_type=\"section\">\n\t\t\t\t\t\t<div class=\"elementor-container elementor-column-gap-default\">\n\t\t\t\t\t<div class=\"elementor-column elementor-col-33 elementor-top-column elementor-element elementor-element-09ba4d6\" data-id=\"09ba4d6\" data-element_type=\"column\">\n\t\t\t<div class=\"elementor-widget-wrap elementor-element-populated\">\n\t\t\t\t\t\t<div class=\"elementor-element elementor-element-792c73c elementor-widget elementor-widget-text-editor\" data-id=\"792c73c\" data-element_type=\"widget\" data-widget_type=\"text-editor.default\">\n\t\t\t\t<div class=\"elementor-widget-container\">\n\t\t\t\t\t\t\t<h6 style=\"text-align: center;\">Festival de musique classique de Wallonie<a href=\"https:\/\/www.lesfestivalsdewallonie.be\/festivals\/festival-de-stavelot\"><img loading=\"lazy\" decoding=\"async\" src=\"https:\/\/solmagnus.be\/chambres\/wp-content\/uploads\/2019\/10\/Festival-musiq-class-300x135.jpg\" alt=\"\" class=\"alignnone size-medium wp-image-191 aligncenter\" width=\"300\" height=\"135\" srcset=\"https:\/\/solmagnus.be\/chambres\/wp-content\/uploads\/2019\/10\/Festival-musiq-class-300x135.jpg 300w, https:\/\/solmagnus.be\/chambres\/wp-content\/uploads\/2019\/10\/Festival-musiq-class.jpg 427w\" sizes=\"(max-width: 300px) 100vw, 300px\" \/><\/a><\/h6>\t\t\t\t\t\t<\/div>\n\t\t\t\t<\/div>\n\t\t\t\t\t<\/div>\n\t\t<\/div>\n\t\t\t\t<div class=\"elementor-column elementor-col-33 elementor-top-column elementor-element elementor-element-38a7c02\" data-id=\"38a7c02\" data-element_type=\"column\">\n\t\t\t<div class=\"elementor-widget-wrap elementor-element-populated\">\n\t\t\t\t\t\t<div class=\"elementor-element elementor-element-bd5fe2a elementor-widget elementor-widget-text-editor\" data-id=\"bd5fe2a\" data-element_type=\"widget\" data-widget_type=\"text-editor.default\">\n\t\t\t\t<div class=\"elementor-widget-container\">\n\t\t\t\t\t\t\t<h6 style=\"text-align: center;\">Festival du conte<\/h6>\n<p style=\"text-align: center;\"><a href=\"https:\/\/www.ccstp.be\/agenda\/liste\/?tribe-bar-search=conte\"><img loading=\"lazy\" decoding=\"async\" src=\"https:\/\/solmagnus.be\/chambres\/wp-content\/uploads\/2019\/10\/Festival-conte.jpg\" alt=\"\" class=\"size-medium wp-image-192 aligncenter\" width=\"266\" height=\"134\" \/><\/a><\/p>\t\t\t\t\t\t<\/div>\n\t\t\t\t<\/div>\n\t\t\t\t\t<\/div>\n\t\t<\/div>\n\t\t\t\t<div class=\"elementor-column elementor-col-33 elementor-top-column elementor-element elementor-element-eb45a2b\" data-id=\"eb45a2b\" data-element_type=\"column\">\n\t\t\t<div class=\"elementor-widget-wrap elementor-element-populated\">\n\t\t\t\t\t\t<div class=\"elementor-element elementor-element-6393213 elementor-widget elementor-widget-text-editor\" data-id=\"6393213\" data-element_type=\"widget\" data-widget_type=\"text-editor.default\">\n\t\t\t\t<div class=\"elementor-widget-container\">\n\t\t\t\t\t\t\t<h6 style=\"text-align: center;\">Festival de Jazz<\/h6>\n<a href=\"https:\/\/www.ccstp.be\/?s=Jazz\"><img loading=\"lazy\" decoding=\"async\" src=\"https:\/\/solmagnus.be\/chambres\/wp-content\/uploads\/2019\/10\/Festival-jazz-300x107.jpg\" alt=\"\" class=\"size-medium wp-image-193 aligncenter\" width=\"300\" height=\"107\" srcset=\"https:\/\/solmagnus.be\/chambres\/wp-content\/uploads\/2019\/10\/Festival-jazz-300x107.jpg 300w, https:\/\/solmagnus.be\/chambres\/wp-content\/uploads\/2019\/10\/Festival-jazz.jpg 486w\" sizes=\"(max-width: 300px) 100vw, 300px\" \/><\/a>\t\t\t\t\t\t<\/div>\n\t\t\t\t<\/div>\n\t\t\t\t\t<\/div>\n\t\t<\/div>\n\t\t\t\t\t<\/div>\n\t\t<\/section>\n\t\t\t\t<section class=\"elementor-section elementor-top-section elementor-element elementor-element-7218c9a elementor-section-boxed elementor-section-height-default elementor-section-height-default\" data-id=\"7218c9a\" data-element_type=\"section\">\n\t\t\t\t\t\t<div class=\"elementor-container elementor-column-gap-default\">\n\t\t\t\t\t<div class=\"elementor-column elementor-col-100 elementor-top-column elementor-element elementor-element-51dbcbe5\" data-id=\"51dbcbe5\" data-element_type=\"column\">\n\t\t\t<div class=\"elementor-widget-wrap elementor-element-populated\">\n\t\t\t\t\t\t<div class=\"elementor-element elementor-element-733dd111 elementor-widget elementor-widget-text-editor\" data-id=\"733dd111\" data-element_type=\"widget\" data-widget_type=\"text-editor.default\">\n\t\t\t\t<div class=\"elementor-widget-container\">\n\t\t\t\t\t\t\t<div class=\"presentation\"><div class=\"region\"><p style=\"text-align: center;\">Sa s\u0153ur jumelle, <a href=\"https:\/\/www.malmedy-tourisme.be\/fr\/type-quefaire\/calendrier-des-evenements\/\" rel=\"noopener\">Malmedy<\/a>, n\u2019est pas en reste avec son carnaval, son omelette g\u00e9ante&#8230;<\/p><p style=\"text-align: center;\">Toute proche, la ville de <a href=\"http:\/\/www.villedespa.be\/rel=\" noopener=\"\">Spa<\/a> est c\u00e9l\u00e8bre pour ces <a href=\"https:\/\/www.francofolies.be\/\">Francofolies<\/a> et le bienfait de ces <a href=\"https:\/\/www.thermesdespa.com\/accueil\/\">Thermes<\/a>.<\/p><p style=\"text-align: center;\">Pour les amoureux de la nature, de nombreuses <a href=\"https:\/\/fr.wikiloc.com\/itineraires\/randonnee\/belgique\/region-wallonne\/stavelot\">promenades balis\u00e9es<\/a>, locales et <a href=\"http:\/\/fredrando.be\/index.php?etape=gr501000#ancre2\">nationales<\/a> ainsi que le <a href=\"https:\/\/ravel.wallonie.be\/home\/itineraires.html?to=Stavelot&amp;level=&amp;scope=local\">Ravel<\/a> parcours notre beau pays.<br \/>Ceux-ci vous feront d\u00e9couvrir de nombreux paysages d&rsquo;exception, tel que <a href=\"https:\/\/www.ostbelgien.eu\/fr\/que-faire\/ou-aller\/hautes-fagnes\/tout-savoir-sur-les-hautes-fagnes\">les Hautes Fagnes<\/a> et <a href=\"http:\/\/tourismestavelot.be\/fr\/cascade-de-coo\">Coo, avec sa cascade<\/a> et <a href=\"https:\/\/corporate.engie.be\/fr\/energy\/hydraulique\/centrale-daccumulation-par-pompage-de-coo\">sa central \u00e9lectrique<\/a>.<\/p><center>Pour votre restauration, vous trouverez un grand choix plaisant et savoureux:<\/center><center><a href=\"https:\/\/levaldambleve.be\/\">Val d&rsquo;Ambl\u00e8ve<\/a>,<\/center><center><a href=\"http:\/\/www.valdelacascade.be\/\">Val de la cascade<\/a>,<\/center><center><a href=\"http:\/\/www.omalaime.be\/?gclid=CjwKCAjwo9rtBRAdEiwA_WXcFkpiO7MWuEHPzAIRketN-DUOOLGG9c00FQixSSLP1gOjnE4iWqC3KxoC-i0QAvD_BwE\">O Mal Aim\u00e9<\/a>,<br \/><a href=\"https:\/\/www.ochomiere.be\/\">O Chomi\u00e8re<\/a>,<br \/><a href=\"https:\/\/piccolopiazza.be\/\"><span jstcache=\"715\">La Table de Figaro<\/span><\/a>,<br \/><a href=\"https:\/\/piccolopiazza.be\/\"><span jstcache=\"715\">Lily D\u00e9lice<\/span><\/a>&#8230;<\/center><p jstcache=\"714\" jsan=\"7.section-hero-header-title-title,7.GLOBAL__gm2-headline-5\" style=\"text-align: center;\">et le Fabuleux \u00ab\u00a0A emporter\u00a0\u00bb<br \/><a href=\"https:\/\/www.facebook.com\/BensPizzaStavelot\/\">\u00ab\u00a0Bens Pizza\u00a0\u00bb<\/a><\/p><\/div><\/div>\t\t\t\t\t\t<\/div>\n\t\t\t\t<\/div>\n\t\t\t\t\t<\/div>\n\t\t<\/div>\n\t\t\t\t\t<\/div>\n\t\t<\/section>\n\t\t\t\t<section class=\"elementor-section elementor-top-section elementor-element elementor-element-76860f9 elementor-section-boxed elementor-section-height-default elementor-section-height-default\" data-id=\"76860f9\" data-element_type=\"section\">\n\t\t\t\t\t\t<div class=\"elementor-container elementor-column-gap-default\">\n\t\t\t\t\t<div class=\"elementor-column elementor-col-100 elementor-top-column elementor-element elementor-element-762eef7\" data-id=\"762eef7\" data-element_type=\"column\">\n\t\t\t<div class=\"elementor-widget-wrap elementor-element-populated\">\n\t\t\t\t\t\t<section class=\"elementor-section elementor-inner-section elementor-element elementor-element-a1ca849 elementor-section-boxed elementor-section-height-default elementor-section-height-default\" data-id=\"a1ca849\" data-element_type=\"section\">\n\t\t\t\t\t\t<div class=\"elementor-container elementor-column-gap-default\">\n\t\t\t\t\t<div class=\"elementor-column elementor-col-50 elementor-inner-column elementor-element elementor-element-1c0de2f\" data-id=\"1c0de2f\" data-element_type=\"column\">\n\t\t\t<div class=\"elementor-widget-wrap elementor-element-populated\">\n\t\t\t\t\t\t<div class=\"elementor-element elementor-element-8d91f95 elementor-widget elementor-widget-heading\" data-id=\"8d91f95\" data-element_type=\"widget\" data-widget_type=\"heading.default\">\n\t\t\t\t<div class=\"elementor-widget-container\">\n\t\t\t<h6 class=\"elementor-heading-title elementor-size-default\">Un logement insolite d'un ami, pr\u00e8s d'ici<\/h6>\t\t<\/div>\n\t\t\t\t<\/div>\n\t\t\t\t\t<\/div>\n\t\t<\/div>\n\t\t\t\t<div class=\"elementor-column elementor-col-50 elementor-inner-column elementor-element elementor-element-b5e92c0\" data-id=\"b5e92c0\" data-element_type=\"column\">\n\t\t\t<div class=\"elementor-widget-wrap elementor-element-populated\">\n\t\t\t\t\t\t<div class=\"elementor-element elementor-element-aa02e7a elementor-widget elementor-widget-image\" data-id=\"aa02e7a\" data-element_type=\"widget\" data-widget_type=\"image.default\">\n\t\t\t\t<div class=\"elementor-widget-container\">\n\t\t\t\t\t\t\t\t\t\t\t\t\t\t<a href=\"https:\/\/sleepinabubble.com\">\n\t\t\t\t\t\t\t<img loading=\"lazy\" decoding=\"async\" width=\"750\" height=\"281\" src=\"https:\/\/solmagnus.be\/chambres\/wp-content\/uploads\/2024\/04\/sleepinabubble-1024x383.png\" class=\"attachment-large size-large wp-image-362\" alt=\"\" srcset=\"https:\/\/solmagnus.be\/chambres\/wp-content\/uploads\/2024\/04\/sleepinabubble-1024x383.png 1024w, https:\/\/solmagnus.be\/chambres\/wp-content\/uploads\/2024\/04\/sleepinabubble-300x112.png 300w, https:\/\/solmagnus.be\/chambres\/wp-content\/uploads\/2024\/04\/sleepinabubble-768x287.png 768w, https:\/\/solmagnus.be\/chambres\/wp-content\/uploads\/2024\/04\/sleepinabubble-1536x575.png 1536w, https:\/\/solmagnus.be\/chambres\/wp-content\/uploads\/2024\/04\/sleepinabubble.png 1794w\" sizes=\"(max-width: 750px) 100vw, 750px\" \/>\t\t\t\t\t\t\t\t<\/a>\n\t\t\t\t\t\t\t\t\t\t\t\t\t<\/div>\n\t\t\t\t<\/div>\n\t\t\t\t\t<\/div>\n\t\t<\/div>\n\t\t\t\t\t<\/div>\n\t\t<\/section>\n\t\t\t\t<div class=\"elementor-element elementor-element-af70efe elementor-widget elementor-widget-text-editor\" data-id=\"af70efe\" data-element_type=\"widget\" data-widget_type=\"text-editor.default\">\n\t\t\t\t<div class=\"elementor-widget-container\">\n\t\t\t\t\t\t\t<p style=\"text-align: center;\">Un nuit sous un grand ch\u00eane, dans une bulle comme dans un r\u00eave ! <br \/>Et Huy, c&rsquo;est pourtant tout pr\u00e8s&#8230;<\/p>\t\t\t\t\t\t<\/div>\n\t\t\t\t<\/div>\n\t\t\t\t\t<\/div>\n\t\t<\/div>\n\t\t\t\t\t<\/div>\n\t\t<\/section>\n\t\t\t\t<\/div>\n\t\t","protected":false},"excerpt":{"rendered":"<p>Les incroyables mus\u00e9es ! Les activit\u00e9s de notre bonne ville ne manquent pas.Tout d\u2019abord, au c\u0153ur de Stavelot, l&rsquo;abbaye de l&rsquo;ancienne principaut\u00e9 \u00ab\u00a0Stavelot &#8211; Malm\u00e9dy\u00a0\u00bb r\u00e9unit trois mus\u00e9es historiques.Ceux-ci d\u00e9crivent, soit l&rsquo;abbaye elle-m\u00eame, soit le passage de Guillaume Apollinaire ou encore le racing de Spa-Francorchamps. Mus\u00e9e de la Foret ! [&hellip;]<\/p>\n","protected":false},"author":1,"featured_media":0,"parent":0,"menu_order":0,"comment_status":"closed","ping_status":"open","template":"","meta":{"_seopress_robots_primary_cat":"","_seopress_titles_title":"","_seopress_titles_desc":"","_seopress_robots_index":""},"_links":{"self":[{"href":"https:\/\/solmagnus.be\/chambres\/index.php\/wp-json\/wp\/v2\/pages\/2"}],"collection":[{"href":"https:\/\/solmagnus.be\/chambres\/index.php\/wp-json\/wp\/v2\/pages"}],"about":[{"href":"https:\/\/solmagnus.be\/chambres\/index.php\/wp-json\/wp\/v2\/types\/page"}],"author":[{"embeddable":true,"href":"https:\/\/solmagnus.be\/chambres\/index.php\/wp-json\/wp\/v2\/users\/1"}],"replies":[{"embeddable":true,"href":"https:\/\/solmagnus.be\/chambres\/index.php\/wp-json\/wp\/v2\/comments?post=2"}],"version-history":[{"count":72,"href":"https:\/\/solmagnus.be\/chambres\/index.php\/wp-json\/wp\/v2\/pages\/2\/revisions"}],"predecessor-version":[{"id":414,"href":"https:\/\/solmagnus.be\/chambres\/index.php\/wp-json\/wp\/v2\/pages\/2\/revisions\/414"}],"wp:attachment":[{"href":"https:\/\/solmagnus.be\/chambres\/index.php\/wp-json\/wp\/v2\/media?parent=2"}],"curies":[{"name":"wp","href":"https:\/\/api.w.org\/{rel}","templated":true}]}}